{"id":216,"date":"2021-01-15T14:36:55","date_gmt":"2021-01-15T13:36:55","guid":{"rendered":"http:\/\/ecoles.rixensart.be\/centre\/?page_id=216"},"modified":"2024-11-16T16:45:18","modified_gmt":"2024-11-16T15:45:18","slug":"apres-15h-et-etudes","status":"publish","type":"page","link":"https:\/\/ecoles.rixensart.be\/centre\/mon-ecole\/apres-15h-et-etudes\/","title":{"rendered":"L\u2019apr\u00e8s 15h et \u00e9tudes"},"content":{"rendered":"<div id=\"pl-216\"  class=\"panel-layout\" ><div id=\"pg-216-0\"  class=\"panel-grid panel-no-style\" ><div id=\"pgc-216-0-0\"  class=\"panel-grid-cell\" ><div id=\"panel-216-0-0-0\" class=\"so-panel widget widget_sow-editor panel-first-child panel-last-child\" data-index=\"0\" ><div\n\t\t\t\n\t\t\tclass=\"so-widget-sow-editor so-widget-sow-editor-base\"\n\t\t\t\n\t\t>\n<div class=\"siteorigin-widget-tinymce textwidget\">\n\t<p><span class=\"wpcu_block_title\">L\u2019apr\u00e8s 15h et les \u00e9tudes\u00a0<\/span><\/p>\n<h2><img loading=\"lazy\" decoding=\"async\" class=\"alignnone size-full wp-image-286\" src=\"http:\/\/ecoles.rixensart.be\/centre\/wp-content\/uploads\/2021\/02\/image003-1.png\" alt=\"\" width=\"245\" height=\"200\" srcset=\"https:\/\/ecoles.rixensart.be\/centre\/wp-content\/uploads\/2021\/02\/image003-1.png 1075w, https:\/\/ecoles.rixensart.be\/centre\/wp-content\/uploads\/2021\/02\/image003-1-300x245.png 300w, https:\/\/ecoles.rixensart.be\/centre\/wp-content\/uploads\/2021\/02\/image003-1-1024x835.png 1024w, https:\/\/ecoles.rixensart.be\/centre\/wp-content\/uploads\/2021\/02\/image003-1-768x627.png 768w\" sizes=\"auto, (max-width: 245px) 100vw, 245px\" \/><br \/>\n<span style=\"font-weight: normal;\">L\u2019accueil temps libre \u00e0 l\u2019\u00e9cole \u2013 ATL<\/span><\/h2>\n<p>Apr\u00e8s la classe, d\u00e8s 15h15, l\u2019\u00e9quipe des accueillants et des animateurs du CAPE asbl accueille vos enfants pour prendre un temps de d\u00e9tente bien m\u00e9rit\u00e9 !<\/p>\n<p>Gr\u00e2ce \u00e0 ce personnel qualifi\u00e9 et form\u00e9, vos enfants peuvent prendre le temps de souffler, de r\u00eaver, de jouer.<\/p>\n<p>Le mercredi apr\u00e8s-midi est propice \u00e0 l\u2019organisation d\u2019ateliers. Diverses activit\u00e9s sont propos\u00e9es selon le calendrier et la m\u00e9t\u00e9o : bricolage, cuisine, sport, temps de sieste pour les plus petits \u2026<\/p>\n<p><img loading=\"lazy\" decoding=\"async\" class=\"alignnone size-medium wp-image-620\" src=\"http:\/\/ecoles.rixensart.be\/centre\/wp-content\/uploads\/2022\/07\/46EE6F21-F58C-4CF3-9A39-A9099E94D19D-300x158.png\" alt=\"Parascolaire\" width=\"300\" height=\"158\" srcset=\"https:\/\/ecoles.rixensart.be\/centre\/wp-content\/uploads\/2022\/07\/46EE6F21-F58C-4CF3-9A39-A9099E94D19D-300x158.png 300w, https:\/\/ecoles.rixensart.be\/centre\/wp-content\/uploads\/2022\/07\/46EE6F21-F58C-4CF3-9A39-A9099E94D19D.png 518w\" sizes=\"auto, (max-width: 300px) 100vw, 300px\" \/><\/p>\n<h2><\/h2>\n<h2><span style=\"font-weight: normal;\">L'\u00e9tude<\/span><\/h2>\n<p>A partir de la troisi\u00e8me primaire, une \u00e9tude gratuite et surveill\u00e9e par des titulaires est organis\u00e9e les lundis, mardis et jeudis, de 15h05 \u00e0 15h55.<\/p>\n<h2><\/h2>\n<h2><span style=\"font-weight: normal;\">Les activit\u00e9s de 3 \u00e0 12 ans \u00e0 Rixensart<\/span><\/h2>\n<h3><\/h3>\n<h3><strong>Les activit\u00e9s parascolaire:<\/strong><\/h3>\n<p>En collaboration avec plusieurs partenaires, l'\u00e9cole offre de nombreuses possibilit\u00e9s d'activit\u00e9s apr\u00e8s les heures de cours, que ce soit au sein de l'\u00e9cole ou \u00e0 l'ext\u00e9rieur avec des rangs dirig\u00e9s. Il y en a pour tous les \u00e2ges et tous les go\u00fbts : danse, anglais, \u00e9checs, ateliers cr\u00e9atifs, multisports, chorale, yoga, th\u00e9\u00e2tre, jiu-jitsu, dessin,\u2026 !<\/p>\n<p>Consultez le <span style=\"color: #ff0000;\">catalogue parascolaire<\/span> d\u00e9velopp\u00e9 par notre dynamique Association de parents AP\u00e9Rix dans l'onglet \"DOCUMENTS\".<\/p>\n<p>&nbsp;<\/p>\n<h3><strong>Les activit\u00e9s D'Clic:<\/strong><\/h3>\n<p>Votre enfant r\u00eave de suivre un cours de piano ? Vous cherchez un stage de peinture? Toutes vos questions, c\u2019est dans le Petit D\u2019Clic, le guide de toutes les activit\u00e9s pour les enfants.<\/p>\n<p>Vous cherchez une chouette solution pour les cong\u00e9s scolaires ? Nos plaines de vacances communales animent les enfants de 2.5 ans \u00e0 12 ans. <b>D\u2019Clic \u2013 Centre de Vacances<\/b>.<\/p>\n<p>Enfin, nos \u00e9coles de devoirs offrent aussi un accompagnement individualis\u00e9 dans l\u2019aide scolaire et \u00e9galement des activit\u00e9s pas comme les autres d\u00e8s 6 ans ! <b>Ecole des devoirs<\/b>.<\/p>\n<p><a href=\"https:\/\/dclic.rixensart.be\/\">Visitez le site communal de D'clic<\/a><\/p>\n<\/div>\n<\/div><\/div><\/div><\/div><\/div>","protected":false},"excerpt":{"rendered":"<p>L\u2019apr\u00e8s 15h et les \u00e9tudes\u00a0 L\u2019accueil temps libre \u00e0 l\u2019\u00e9cole \u2013 ATL Apr\u00e8s la classe, d\u00e8s 15h15, l\u2019\u00e9quipe des accueillants et des animateurs du CAPE asbl accueille vos enfants pour prendre un temps de d\u00e9tente bien m\u00e9rit\u00e9 ! Gr\u00e2ce \u00e0 ce personnel qualifi\u00e9 et form\u00e9, vos enfants peuvent prendre le<a href=\"https:\/\/ecoles.rixensart.be\/centre\/mon-ecole\/apres-15h-et-etudes\/\" class=\"read-more\">Read More<\/a><\/p>\n","protected":false},"author":1,"featured_media":0,"parent":32,"menu_order":0,"comment_status":"closed","ping_status":"closed","template":"fullwidth.php","meta":{"footnotes":""},"class_list":["post-216","page","type-page","status-publish","hentry"],"_links":{"self":[{"href":"https:\/\/ecoles.rixensart.be\/centre\/wp-json\/wp\/v2\/pages\/216","targetHints":{"allow":["GET"]}}],"collection":[{"href":"https:\/\/ecoles.rixensart.be\/centre\/wp-json\/wp\/v2\/pages"}],"about":[{"href":"https:\/\/ecoles.rixensart.be\/centre\/wp-json\/wp\/v2\/types\/page"}],"author":[{"embeddable":true,"href":"https:\/\/ecoles.rixensart.be\/centre\/wp-json\/wp\/v2\/users\/1"}],"replies":[{"embeddable":true,"href":"https:\/\/ecoles.rixensart.be\/centre\/wp-json\/wp\/v2\/comments?post=216"}],"version-history":[{"count":20,"href":"https:\/\/ecoles.rixensart.be\/centre\/wp-json\/wp\/v2\/pages\/216\/revisions"}],"predecessor-version":[{"id":17613,"href":"https:\/\/ecoles.rixensart.be\/centre\/wp-json\/wp\/v2\/pages\/216\/revisions\/17613"}],"up":[{"embeddable":true,"href":"https:\/\/ecoles.rixensart.be\/centre\/wp-json\/wp\/v2\/pages\/32"}],"wp:attachment":[{"href":"https:\/\/ecoles.rixensart.be\/centre\/wp-json\/wp\/v2\/media?parent=216"}],"curies":[{"name":"wp","href":"https:\/\/api.w.org\/{rel}","templated":true}]}}