{"id":34,"date":"2021-01-12T11:17:09","date_gmt":"2021-01-12T10:17:09","guid":{"rendered":"http:\/\/ecoles.rixensart.be\/centre\/?page_id=34"},"modified":"2026-04-21T14:58:48","modified_gmt":"2026-04-21T12:58:48","slug":"documents","status":"publish","type":"page","link":"https:\/\/ecoles.rixensart.be\/centre\/documents\/","title":{"rendered":"DOCUMENTS"},"content":{"rendered":"<div id=\"pl-34\"  class=\"panel-layout\" ><div id=\"pg-34-0\"  class=\"panel-grid panel-no-style\" ><div id=\"pgc-34-0-0\"  class=\"panel-grid-cell\" ><div id=\"panel-34-0-0-0\" class=\"so-panel widget widget_sow-editor panel-first-child panel-last-child\" data-index=\"0\" ><div\n\t\t\t\n\t\t\tclass=\"so-widget-sow-editor so-widget-sow-editor-base\"\n\t\t\t\n\t\t>\n<div class=\"siteorigin-widget-tinymce textwidget\">\n\t<p><span class=\"wpcu_block_title\">Documents<\/span><\/p>\n<ul>\n<li><a href=\"https:\/\/ecoles.rixensart.be\/centre\/wp-content\/uploads\/2024\/07\/Projet-decole.pdf\"><span style=\"color: #993366;\">Projet d'\u00e9cole<\/span><\/a><\/li>\n<li><span style=\"color: #993366;\"><a style=\"color: #993366;\" href=\"https:\/\/ecoles.rixensart.be\/centre\/wp-content\/uploads\/2024\/08\/ROI-2024.pdf\">ROI<\/a> des \u00e9coles communales de Rixensart<\/span><\/li>\n<li><span style=\"color: #993366;\"><a style=\"color: #993366;\" href=\"https:\/\/ecoles.rixensart.be\/centre\/wp-content\/uploads\/2024\/07\/Limmersion-a-lecole-du-Centre.pdf\">L'immersion \u00e0 l'\u00e9cole du Centre<\/a><\/span><\/li>\n<li><a href=\"https:\/\/ecoles.rixensart.be\/centre\/wp-content\/uploads\/2026\/04\/Fiche-dinscription.pdf\">Document d'inscription<\/a><\/li>\n<li><a href=\"https:\/\/ecoles.rixensart.be\/centre\/wp-content\/uploads\/2024\/04\/Personnes-autorisees-a-reprendre-lenfant-2024.doc\" target=\"blank\" rel=\"noopener\">Personnes autoris\u00e9es \u00e0 reprendre l'enfant<\/a><\/li>\n<li><a href=\"https:\/\/ecoles.rixensart.be\/centre\/wp-content\/uploads\/2026\/03\/Autorisations.pdf\">Autorisations<\/a><\/li>\n<li><a href=\"https:\/\/ecoles.rixensart.be\/centre\/wp-content\/uploads\/2024\/08\/Inscription-a-letude-surveillee.pdf\">Inscription \u00e0 l'\u00e9tude surveill\u00e9e<\/a><\/li>\n<li><a href=\"https:\/\/ecoles.rixensart.be\/centre\/wp-content\/uploads\/2024\/04\/Rang-Academie-2024.doc\" target=\"blank\" rel=\"noopener\">Rang Acad\u00e9mie<\/a><\/li>\n<li><a href=\"https:\/\/ecoles.rixensart.be\/centre\/wp-content\/uploads\/2024\/04\/Justificatif-absence-2024.docx\" target=\"blank\" rel=\"noopener\">Justificatif d'absence<\/a><\/li>\n<li><a href=\"https:\/\/ecoles.rixensart.be\/centre\/wp-content\/uploads\/2026\/03\/Catalogue-parascolaire-2025_2026.pdf\">Catalogue parascolaire 2025-2026<\/a><\/li>\n<li><a href=\"https:\/\/ecoles.rixensart.be\/centre\/wp-content\/uploads\/2025\/07\/20250709090103863.pdf\">Liste du mat\u00e9riel ACC\/M1 2025-2026<\/a><\/li>\n<li><a href=\"https:\/\/ecoles.rixensart.be\/centre\/wp-content\/uploads\/2025\/06\/20250618110254395.pdf\">Liste du mat\u00e9riel M2 2025-2026<\/a><\/li>\n<li><a href=\"https:\/\/ecoles.rixensart.be\/centre\/wp-content\/uploads\/2025\/07\/20250709090124328.pdf\">Liste du mat\u00e9riel M3 2025-2026<\/a><\/li>\n<li><a href=\"https:\/\/ecoles.rixensart.be\/centre\/wp-content\/uploads\/2025\/07\/20250709090143591.pdf\">Liste du mat\u00e9riel P1 2025-2026<\/a><\/li>\n<li><a href=\"https:\/\/ecoles.rixensart.be\/centre\/wp-content\/uploads\/2025\/07\/20250709090156887.pdf\">Liste du mat\u00e9riel P2 2025-2026<\/a><\/li>\n<li><a href=\"https:\/\/ecoles.rixensart.be\/centre\/wp-content\/uploads\/2025\/06\/20250617153247569.pdf\">Liste du mat\u00e9riel P3 2025-2026<\/a><\/li>\n<li><a href=\"https:\/\/ecoles.rixensart.be\/centre\/wp-content\/uploads\/2025\/06\/20250617153304332.pdf\">Liste du mat\u00e9riel P4 2025-2026<\/a><\/li>\n<li><a href=\"https:\/\/ecoles.rixensart.be\/centre\/wp-content\/uploads\/2025\/06\/20250617153315432.pdf\">Liste du mat\u00e9riel P5 2025-2026<\/a><\/li>\n<li><a href=\"https:\/\/ecoles.rixensart.be\/centre\/wp-content\/uploads\/2025\/06\/20250617153337503.pdf\">Liste du mat\u00e9riel P6 2025-2026<\/a><\/li>\n<\/ul>\n<\/div>\n<\/div><\/div><\/div><\/div><\/div>","protected":false},"excerpt":{"rendered":"<p>Documents Projet d&rsquo;\u00e9cole ROI des \u00e9coles communales de Rixensart L&rsquo;immersion \u00e0 l&rsquo;\u00e9cole du Centre Document d&rsquo;inscription Personnes autoris\u00e9es \u00e0 reprendre l&rsquo;enfant Autorisations Inscription \u00e0 l&rsquo;\u00e9tude surveill\u00e9e Rang Acad\u00e9mie Justificatif d&rsquo;absence Catalogue parascolaire 2025-2026 Liste du mat\u00e9riel ACC\/M1 2025-2026 Liste du mat\u00e9riel M2 2025-2026 Liste du mat\u00e9riel M3 2025-2026 Liste du<a href=\"https:\/\/ecoles.rixensart.be\/centre\/documents\/\" class=\"read-more\">Read More<\/a><\/p>\n","protected":false},"author":1,"featured_media":0,"parent":0,"menu_order":0,"comment_status":"closed","ping_status":"closed","template":"fullwidth.php","meta":{"footnotes":""},"class_list":["post-34","page","type-page","status-publish","hentry"],"_links":{"self":[{"href":"https:\/\/ecoles.rixensart.be\/centre\/wp-json\/wp\/v2\/pages\/34","targetHints":{"allow":["GET"]}}],"collection":[{"href":"https:\/\/ecoles.rixensart.be\/centre\/wp-json\/wp\/v2\/pages"}],"about":[{"href":"https:\/\/ecoles.rixensart.be\/centre\/wp-json\/wp\/v2\/types\/page"}],"author":[{"embeddable":true,"href":"https:\/\/ecoles.rixensart.be\/centre\/wp-json\/wp\/v2\/users\/1"}],"replies":[{"embeddable":true,"href":"https:\/\/ecoles.rixensart.be\/centre\/wp-json\/wp\/v2\/comments?post=34"}],"version-history":[{"count":46,"href":"https:\/\/ecoles.rixensart.be\/centre\/wp-json\/wp\/v2\/pages\/34\/revisions"}],"predecessor-version":[{"id":17861,"href":"https:\/\/ecoles.rixensart.be\/centre\/wp-json\/wp\/v2\/pages\/34\/revisions\/17861"}],"wp:attachment":[{"href":"https:\/\/ecoles.rixensart.be\/centre\/wp-json\/wp\/v2\/media?parent=34"}],"curies":[{"name":"wp","href":"https:\/\/api.w.org\/{rel}","templated":true}]}}